{"id":19281,"date":"2023-08-18T07:43:55","date_gmt":"2023-08-18T07:43:55","guid":{"rendered":"https:\/\/myalterego.it\/ae\/?page_id=19281"},"modified":"2023-12-25T11:43:40","modified_gmt":"2023-12-25T10:43:40","slug":"classi-virtuali","status":"publish","type":"page","link":"https:\/\/myalterego.it\/ae\/classi-virtuali\/","title":{"rendered":"Classi virtuali"},"content":{"rendered":"\t\t<div data-elementor-type=\"wp-page\" data-elementor-id=\"19281\" class=\"elementor elementor-19281\">\n\t\t\t\t\t\t<section class=\"elementor-section elementor-top-section elementor-element elementor-element-f6dd1f4 elementor-section-boxed elementor-section-height-default elementor-section-height-default\" data-id=\"f6dd1f4\" data-element_type=\"section\">\n\t\t\t\t\t\t<div class=\"elementor-container elementor-column-gap-default\">\n\t\t\t\t\t<div class=\"elementor-column elementor-col-100 elementor-top-column elementor-element elementor-element-ebfe52d\" data-id=\"ebfe52d\" data-element_type=\"column\">\n\t\t\t<div class=\"elementor-widget-wrap elementor-element-populated\">\n\t\t\t\t\t\t<section class=\"elementor-section elementor-inner-section elementor-element elementor-element-9e8bef7 elementor-section-boxed elementor-section-height-default elementor-section-height-default\" data-id=\"9e8bef7\" data-element_type=\"section\">\n\t\t\t\t\t\t<div class=\"elementor-container elementor-column-gap-default\">\n\t\t\t\t\t<div class=\"elementor-column elementor-col-50 elementor-inner-column elementor-element elementor-element-b015656\" data-id=\"b015656\" data-element_type=\"column\">\n\t\t\t<div class=\"elementor-widget-wrap elementor-element-populated\">\n\t\t\t\t\t\t<div class=\"elementor-element elementor-element-fb9bced elementor-widget elementor-widget-text-editor\" data-id=\"fb9bced\" data-element_type=\"widget\" data-widget_type=\"text-editor.default\">\n\t\t\t\t<div class=\"elementor-widget-container\">\n\t\t\t\t\t\t\t\t\t<p><span style=\"color: #ffb606;\"><strong>Una nuova opportunit\u00e0 di fare scuola.<\/strong><\/span><\/p><p>Forniamo questa informativa perch\u00e9 crediamo che oggigiorno questo <strong>ambiente di apprendimento innovativo<\/strong> sia fondamentale e imprescindibile pertanto vogliamo dare ogni informazione che possa aiutare comprendere meglio il suo potenziale.<\/p><p>La classe virtuale viene considerata uno strumento incredibile ed utile perch\u00e9 \u00e8\u00a0perfettamente integrata nelle modalit\u00e0 online con cui le persone sempre pi\u00f9 interagiscono. Funziona perch\u00e9\u00a0mette al primo posto il comfort del discente, permettendogli di ottenere la condivisione di informazione e conoscenza on demand e perch\u00e9 consente la capacit\u00e0 di approfondire quanto appreso in momenti successivi, accedendo a piattaforme di formazione online.<\/p><p>La\u00a0classe virtuale, detta anche\u00a0aula virtuale,\u00a0rappresenta il nuovo modo di fare\u00a0scuola: semplice, sicuro e partecipativo. \u00c8 uno <strong>strumento di formazione e apprendimento<\/strong> in cui docente e partecipanti possono\u00a0interagire, comunicare, visualizzare e discutere presentazioni, impegnarsi in progetti collaborativi, in un ambiente online in tempo reale.<\/p>\t\t\t\t\t\t\t\t<\/div>\n\t\t\t\t<\/div>\n\t\t\t\t\t<\/div>\n\t\t<\/div>\n\t\t\t\t<div class=\"elementor-column elementor-col-50 elementor-inner-column elementor-element elementor-element-e7ee679\" data-id=\"e7ee679\" data-element_type=\"column\">\n\t\t\t<div class=\"elementor-widget-wrap elementor-element-populated\">\n\t\t\t\t\t\t<div class=\"elementor-element elementor-element-7dc7515 elementor-widget elementor-widget-thim-accordion\" data-id=\"7dc7515\" data-element_type=\"widget\" data-widget_type=\"thim-accordion.default\">\n\t\t\t\t<div class=\"elementor-widget-container\">\n\t\t\t\t\t<div class=\"thim-widget-accordion accordion-new-style\"><div id=\"accordion_7dc7515\" class=\"panel-group\" role=\"tablist\" aria-multiselectable=\"true\">\n\t\t\t<div class=\"panel panel-default\">\n\t\t\t\t<div class=\"panel-heading\" role=\"tab\"\n\t\t\t\t\t id=\"heading_accordion_7dc7515_0\">\n\t\t\t\t\t<h4 class=\"panel-title\">\n\t\t\t\t\t\t<a role=\"button\" class=\"collapsed\" data-toggle=\"collapse\"\n\t\t\t\t\t\t   data-parent=\"#accordion_7dc7515\"\n\t\t\t\t\t\t   href=\"#collapse_accordion_7dc7515_0\" aria-expanded=\"false\"\n\t\t\t\t\t\t   aria-controls=\"collapse_accordion_7dc7515_0\">\n\t\t\t\t\t\t\tDefinizione\t\t\t\t\t\t<\/a>\n\t\t\t\t\t<\/h4>\n\t\t\t\t<\/div>\n\t\t\t\t<div id=\"collapse_accordion_7dc7515_0\"\n\t\t\t\t\t class=\"panel-collapse collapse\"\n\t\t\t\t\t role=\"tabpanel\" aria-labelledby=\"heading_accordion_7dc7515_0\">\n\t\t\t\t\t<div class=\"panel-body\">\n\t\t\t\t\t\t<ol>\n<li>Le classi virtuali sono strumenti didattico-digitali attivati di volta in volta da un docente registrato tramite account, che contengono gli account degli studenti di una determinata classe e permettono una loro comunicazione con il docente di riferimento. Questi strumenti di condivisione con la classe consentono di sfruttare i contenuti digitali di AlterEgo oltre a quelli creati su altri servizi, come ad esempio Google Classroom.<\/li>\n<li>Attraverso questa piattaforma digitale, nell\u2019ambito della pratica didattica con un determinata classe, il docente pu\u00f2, traendone funzionalit\u00e0 supplementari, gestire organicamente una serie di attivit\u00e0 come effettuare lezioni in modalit\u00e0 sincrona e asincrona, inviare messaggi agli studenti, assegnare compiti, prove e verifiche, controllarne lo stato di avanzamento e visualizzare i risultati.<\/li>\n<li>La classe virtuale, pertanto, \u00e8 una piattaforma digitale i cui partecipanti devono registrarsi nel sito myalterego.it. Registrandosi, i docenti e gli studenti (o i genitori, anche per conto dei loro figli), sono informati che, per attivare la propria partecipazione o quella dei loro figli, devono fornire alcuni dati personali indispensabili o utili al funzionamento degli spazi stessi e per lo pi\u00f9 coincidenti con i dati trattati dalle scuole.<\/li>\n<\/ol>\n\t\t\t\t\t<\/div>\n\t\t\t\t<\/div>\n\t\t\t<\/div>\n\n\t\t\n\t\t\t<div class=\"panel panel-default\">\n\t\t\t\t<div class=\"panel-heading\" role=\"tab\"\n\t\t\t\t\t id=\"heading_accordion_7dc7515_1\">\n\t\t\t\t\t<h4 class=\"panel-title\">\n\t\t\t\t\t\t<a role=\"button\" class=\"collapsed\" data-toggle=\"collapse\"\n\t\t\t\t\t\t   data-parent=\"#accordion_7dc7515\"\n\t\t\t\t\t\t   href=\"#collapse_accordion_7dc7515_1\" aria-expanded=\"false\"\n\t\t\t\t\t\t   aria-controls=\"collapse_accordion_7dc7515_1\">\n\t\t\t\t\t\t\tCreazione, iscrizione alle classi virtuali e dati personali\t\t\t\t\t\t<\/a>\n\t\t\t\t\t<\/h4>\n\t\t\t\t<\/div>\n\t\t\t\t<div id=\"collapse_accordion_7dc7515_1\"\n\t\t\t\t\t class=\"panel-collapse collapse\"\n\t\t\t\t\t role=\"tabpanel\" aria-labelledby=\"heading_accordion_7dc7515_1\">\n\t\t\t\t\t<div class=\"panel-body\">\n\t\t\t\t\t\t<ol>\n<li>La classe virtuale pu\u00f2 essere creata partendo da zero da un docente registrato sul sito myalterego.it oppure utilizzando una classe da lui creata in precedenza.<\/li>\n<li>Un docente deve attribuire un nome alla classe, ad esempio indicando l\u2019anno scolastico, la sezione e la materia, quindi genera un codice che comunica agli studenti da utilizzare per iscriversi autonomamente; in alternativa pu\u00f2 procedere personalmente ad iscrivere gli studenti alla classe inserendo direttamente in piattaforma i dati degli studenti (generalit\u00e0, email). In quest\u2019ultimo caso il docente esegue personalmente un trattamento dei dati dello studente di cui \u00e8 titolare lo studente e la scuola per svolgere il proprio compito istituzionale.<\/li>\n<li>Nel caso di iscrizione dello studente su invito del docente, qualora non avesse gi\u00e0 provveduto in tal senso lo studente deve registrarsi su myalterego.it e successivamente iscriversi alla classe usando il codice fornito dal docente.<\/li>\n<li>Le classi virtuali contengono dati personali degli utenti di due tipi:<\/li>\n<ul type=\"square\">\n<li>dati richiesti da AlterEgo necessari per lo svolgimento del servizio: generalit\u00e0 dello studente, indirizzo di posta elettronica, disciplina, scuola e classe. Tali dati sono forniti a cura degli studenti stessi o dei loro docenti. Sono dati per lo pi\u00f9 gi\u00e0 forniti in sede di registrazione a myalterego.it e\/o dati di cui la scuola \u00e8 titolare. I dati richiesti da AlterEgo sono indirizzati tanto ad AlterEgo stessa quanto al docente responsabile della gestione didattica della classe virtuale. La fornitura di dati non veritieri (es. generalit\u00e0) pu\u00f2 costituire un ostacolo alla attivit\u00e0 didattica. I docenti, registrandosi su myalterego.it (condizione indispensabile per gestire una classe virtuale anche come i supplenti, i docenti di sostegno o le altre figure dell\u2019istituzione) si impegnano a non utilizzare i dati forniti di cui dispongono, sia personali che dei loro studenti, al di fuori della attivit\u00e0 didattica;<\/li>\n<li>in pochissimi casi dati forniti casualmente dagli utenti nelle poche occasioni di scrittura in campi aperti. I dati non sono utilizzati da AlterEgo per scopi diversi dallo svolgimento della attivit\u00e0 della classe virtuale. I docenti e\/o gli altri operatori partecipanti alla classe virtuale come i supplenti, i docenti di sostegno o le altre figure dell\u2019istituzione hanno accesso ai dati relativi agli studenti; gli studenti non hanno accesso ai dati degli altri studenti.<\/li>\n<\/ul>\n<li>Se il docente forma la classe fornendo il codice agli studenti e uno o pi\u00f9 di essi non si iscrivono alla classe, i dati forniti dal docente sono conservati da AlterEgo per il tempo di conservazione della classe virtuale essendo possibile una iscrizione anche in tempi successivi. Altrettanto dicasi nel caso in cui un supplente, invitato a gestire una classe virtuale, non accetti l\u2019invito del docente.<\/li>\n<li>I docenti possono scrivere ad info@myalterego.it chiedendo di eliminare i contenuti immessi dagli studenti. I docenti possono peraltro estromettere un allievo dalla classe virtuale.<\/li>\n<\/ol>\n\t\t\t\t\t<\/div>\n\t\t\t\t<\/div>\n\t\t\t<\/div>\n\n\t\t\n\t\t\t<div class=\"panel panel-default\">\n\t\t\t\t<div class=\"panel-heading\" role=\"tab\"\n\t\t\t\t\t id=\"heading_accordion_7dc7515_2\">\n\t\t\t\t\t<h4 class=\"panel-title\">\n\t\t\t\t\t\t<a role=\"button\" class=\"collapsed\" data-toggle=\"collapse\"\n\t\t\t\t\t\t   data-parent=\"#accordion_7dc7515\"\n\t\t\t\t\t\t   href=\"#collapse_accordion_7dc7515_2\" aria-expanded=\"false\"\n\t\t\t\t\t\t   aria-controls=\"collapse_accordion_7dc7515_2\">\n\t\t\t\t\t\t\tRitiro da una classe virtuale\t\t\t\t\t\t<\/a>\n\t\t\t\t\t<\/h4>\n\t\t\t\t<\/div>\n\t\t\t\t<div id=\"collapse_accordion_7dc7515_2\"\n\t\t\t\t\t class=\"panel-collapse collapse\"\n\t\t\t\t\t role=\"tabpanel\" aria-labelledby=\"heading_accordion_7dc7515_2\">\n\t\t\t\t\t<div class=\"panel-body\">\n\t\t\t\t\t\t<ol>\n<li>\u00c8 possibile ritirarsi da una classe virtuale senza compromettere la registrazione in myalterego.it mentre il ritiro da myalterego.it elimina anche la partecipazione a una classe virtuale. Per ritirarsi seguire le indicazioni fornite o scrivere a info@myalterego.it.<\/li>\n<\/ol>\n\t\t\t\t\t<\/div>\n\t\t\t\t<\/div>\n\t\t\t<\/div>\n\n\t\t\n\t\t\t<div class=\"panel panel-default\">\n\t\t\t\t<div class=\"panel-heading\" role=\"tab\"\n\t\t\t\t\t id=\"heading_accordion_7dc7515_3\">\n\t\t\t\t\t<h4 class=\"panel-title\">\n\t\t\t\t\t\t<a role=\"button\" class=\"collapsed\" data-toggle=\"collapse\"\n\t\t\t\t\t\t   data-parent=\"#accordion_7dc7515\"\n\t\t\t\t\t\t   href=\"#collapse_accordion_7dc7515_3\" aria-expanded=\"false\"\n\t\t\t\t\t\t   aria-controls=\"collapse_accordion_7dc7515_3\">\n\t\t\t\t\t\t\tPeriodo di conservazione\t\t\t\t\t\t<\/a>\n\t\t\t\t\t<\/h4>\n\t\t\t\t<\/div>\n\t\t\t\t<div id=\"collapse_accordion_7dc7515_3\"\n\t\t\t\t\t class=\"panel-collapse collapse\"\n\t\t\t\t\t role=\"tabpanel\" aria-labelledby=\"heading_accordion_7dc7515_3\">\n\t\t\t\t\t<div class=\"panel-body\">\n\t\t\t\t\t\t<ol>\n<li>I dati sono conservati fino al termine dell\u2019anno scolastico o corso di studi successivo a quello durante il quale la classe \u00e8 stata creata. Al termine di tali trattamenti, i dati sono cancellati o anonimizzati nei sistemi informatici e negli eventuali archivi cartacei.<\/li>\n<\/ol>\n\t\t\t\t\t<\/div>\n\t\t\t\t<\/div>\n\t\t\t<\/div>\n\n\t\t\n\t\t\t<div class=\"panel panel-default\">\n\t\t\t\t<div class=\"panel-heading\" role=\"tab\"\n\t\t\t\t\t id=\"heading_accordion_7dc7515_4\">\n\t\t\t\t\t<h4 class=\"panel-title\">\n\t\t\t\t\t\t<a role=\"button\" class=\"collapsed\" data-toggle=\"collapse\"\n\t\t\t\t\t\t   data-parent=\"#accordion_7dc7515\"\n\t\t\t\t\t\t   href=\"#collapse_accordion_7dc7515_4\" aria-expanded=\"false\"\n\t\t\t\t\t\t   aria-controls=\"collapse_accordion_7dc7515_4\">\n\t\t\t\t\t\t\tPrivacy by design, privacy by default, comunicazione di dati a autorizzati e a terzi per la conservazione dei dati\t\t\t\t\t\t<\/a>\n\t\t\t\t\t<\/h4>\n\t\t\t\t<\/div>\n\t\t\t\t<div id=\"collapse_accordion_7dc7515_4\"\n\t\t\t\t\t class=\"panel-collapse collapse\"\n\t\t\t\t\t role=\"tabpanel\" aria-labelledby=\"heading_accordion_7dc7515_4\">\n\t\t\t\t\t<div class=\"panel-body\">\n\t\t\t\t\t\t<ol>\n<li>Le classi virtuali, come le altre soluzioni organizzative di AlterEgo sono progettate, sviluppate e realizzate tenendo in considerazione, fin dalla progettazione, una efficace protezione dei dati degli interessati (privacy by design) e a tal fine si basano nella creazione e nell\u2019accesso su impostazioni predefinite (privacy by default). In particolare le soluzioni sono finalizzate a raccogliere solo dati strettamente inerenti ai servizi forniti, a ridurre il rischio di accessi di persone estranee alla didattica e quello di fuoriuscita di dati per altre destinazioni.<\/li>\n<li>AlterEgo non trasferisce a terzi i dati personali degli utenti, se non quando strettamente necessario per lo svolgimento della propria attivit\u00e0.<\/li>\n<\/ol>\n\t\t\t\t\t<\/div>\n\t\t\t\t<\/div>\n\t\t\t<\/div>\n\n\t\t<\/div><\/div>\t\t\t\t<\/div>\n\t\t\t\t<\/div>\n\t\t\t\t\t<\/div>\n\t\t<\/div>\n\t\t\t\t\t<\/div>\n\t\t<\/section>\n\t\t\t\t\t<\/div>\n\t\t<\/div>\n\t\t\t\t\t<\/div>\n\t\t<\/section>\n\t\t\t\t<\/div>\n\t\t","protected":false},"excerpt":{"rendered":"<p>Una nuova opportunit\u00e0 di fare scuola. Forniamo questa informativa perch\u00e9 crediamo che oggigiorno questo ambiente di apprendimento innovativo sia fondamentale e imprescindibile pertanto vogliamo dare ogni informazione che possa aiutare comprendere meglio il suo potenziale. La classe virtuale viene considerata &hellip; <\/p>\n","protected":false},"author":2,"featured_media":0,"parent":0,"menu_order":0,"comment_status":"closed","ping_status":"closed","template":"","meta":{"pmpro_default_level":"","footnotes":""},"class_list":["post-19281","page","type-page","status-publish","hentry","pmpro-has-access"],"_links":{"self":[{"href":"https:\/\/myalterego.it\/ae\/wp-json\/wp\/v2\/pages\/19281","targetHints":{"allow":["GET"]}}],"collection":[{"href":"https:\/\/myalterego.it\/ae\/wp-json\/wp\/v2\/pages"}],"about":[{"href":"https:\/\/myalterego.it\/ae\/wp-json\/wp\/v2\/types\/page"}],"author":[{"embeddable":true,"href":"https:\/\/myalterego.it\/ae\/wp-json\/wp\/v2\/users\/2"}],"replies":[{"embeddable":true,"href":"https:\/\/myalterego.it\/ae\/wp-json\/wp\/v2\/comments?post=19281"}],"version-history":[{"count":17,"href":"https:\/\/myalterego.it\/ae\/wp-json\/wp\/v2\/pages\/19281\/revisions"}],"predecessor-version":[{"id":23416,"href":"https:\/\/myalterego.it\/ae\/wp-json\/wp\/v2\/pages\/19281\/revisions\/23416"}],"wp:attachment":[{"href":"https:\/\/myalterego.it\/ae\/wp-json\/wp\/v2\/media?parent=19281"}],"curies":[{"name":"wp","href":"https:\/\/api.w.org\/{rel}","templated":true}]}}