{"id":19791,"date":"2023-08-19T08:42:55","date_gmt":"2023-08-19T08:42:55","guid":{"rendered":"https:\/\/myalterego.it\/ae\/?page_id=19791"},"modified":"2026-03-02T19:24:25","modified_gmt":"2026-03-02T18:24:25","slug":"catalogo","status":"publish","type":"page","link":"https:\/\/myalterego.it\/ae\/catalogo\/","title":{"rendered":"Catalogo"},"content":{"rendered":"\t\t<div data-elementor-type=\"wp-page\" data-elementor-id=\"19791\" class=\"elementor elementor-19791\">\n\t\t\t\t\t\t<section class=\"elementor-section elementor-top-section elementor-element elementor-element-f6dd1f4 elementor-section-boxed elementor-section-height-default elementor-section-height-default\" data-id=\"f6dd1f4\" data-element_type=\"section\">\n\t\t\t\t\t\t<div class=\"elementor-container elementor-column-gap-default\">\n\t\t\t\t\t<div class=\"elementor-column elementor-col-100 elementor-top-column elementor-element elementor-element-ebfe52d\" data-id=\"ebfe52d\" data-element_type=\"column\">\n\t\t\t<div class=\"elementor-widget-wrap elementor-element-populated\">\n\t\t\t\t\t\t<section class=\"elementor-section elementor-inner-section elementor-element elementor-element-9e8bef7 elementor-section-boxed elementor-section-height-default elementor-section-height-default\" data-id=\"9e8bef7\" data-element_type=\"section\">\n\t\t\t\t\t\t<div class=\"elementor-container elementor-column-gap-default\">\n\t\t\t\t\t<div class=\"elementor-column elementor-col-50 elementor-inner-column elementor-element elementor-element-b015656\" data-id=\"b015656\" data-element_type=\"column\">\n\t\t\t<div class=\"elementor-widget-wrap elementor-element-populated\">\n\t\t\t\t\t\t<div class=\"elementor-element elementor-element-fb9bced elementor-widget elementor-widget-text-editor\" data-id=\"fb9bced\" data-element_type=\"widget\" data-widget_type=\"text-editor.default\">\n\t\t\t\t<div class=\"elementor-widget-container\">\n\t\t\t\t\t\t\t\t\t<p><span style=\"color: #ffb606;\"><strong>Consulta il nostro catalogo per le adozioni scolastiche.<\/strong><\/span><\/p><p>I docenti, nell\u2019ambito della libert\u00e0 di insegnamento e di autonomia professionale, hanno cura di mettere in atto tutte le modalit\u00e0 specifiche di analisi e di valutazione dei contenuti e della qualit\u00e0 dei libri di testo proposti dall\u2019editoria. Per agevolare il lavoro dei docenti, nell\u2019ottica di minimizzare gli sprechi, in questa sezione sono disponibili le <strong>proposte editoriali<\/strong> di <strong>AlterEgo<\/strong> per la scuola.<\/p><p>In calce a ciascun libro sono riportati gli estremi da indicare in caso di <strong>adozione<\/strong>.<\/p><p>Cliccando sulla copertina del titolo di interesse o della collana di riferimento \u00e8 possibile sfogliare un capitolo del libro e vedere in anteprima i contenuti.<\/p><p>Per visualizzare l&#8217;intero tomo, puoi richiedere una copia saggio disponibile per le adozioni scolastiche cliccando sulla voce di menu <strong>Richiesta saggio<\/strong>.<\/p>\t\t\t\t\t\t\t\t<\/div>\n\t\t\t\t<\/div>\n\t\t\t\t\t<\/div>\n\t\t<\/div>\n\t\t\t\t<div class=\"elementor-column elementor-col-50 elementor-inner-column elementor-element elementor-element-e7ee679\" data-id=\"e7ee679\" data-element_type=\"column\">\n\t\t\t<div class=\"elementor-widget-wrap elementor-element-populated\">\n\t\t\t\t\t\t<section class=\"elementor-section elementor-inner-section elementor-element elementor-element-2e772a6 elementor-section-boxed elementor-section-height-default elementor-section-height-default\" data-id=\"2e772a6\" data-element_type=\"section\">\n\t\t\t\t\t\t<div class=\"elementor-container elementor-column-gap-custom\">\n\t\t\t\t\t<div class=\"elementor-column elementor-col-33 elementor-inner-column elementor-element elementor-element-ebabbf4\" data-id=\"ebabbf4\" data-element_type=\"column\">\n\t\t\t<div class=\"elementor-widget-wrap elementor-element-populated\">\n\t\t\t\t\t\t<div class=\"elementor-element elementor-element-58bbef7 iconbox-text-left elementor-widget elementor-widget-thim-icon-box\" data-id=\"58bbef7\" data-element_type=\"widget\" data-widget_type=\"thim-icon-box.default\">\n\t\t\t\t<div class=\"elementor-widget-container\">\n\t\t\t\t\t<div class=\"thim-widget-icon-box\"><div class=\"wrapper-box-icon has_custom_image text-left \"><div class=\"smicon-box iconbox-top\"><div class=\"boxes-icon\"><a class=\"icon-box-link\" href=\"https:\/\/myalterego.it\/ae\/sfoglialibro-topograficamente-1\" rel=\"nofollow\"><span class=\"inner-icon\"><span class=\"icon icon-images\"><img fetchpriority=\"high\" decoding=\"async\" src=\"https:\/\/myalterego.it\/ae\/wp-content\/uploads\/2026\/03\/AIE_ELI_Topograficamente_1V_cop-scaled.jpg\" alt=\"AIE_ELI_Topograficamente_1V_cop\"  width=\"1751\" height=\"2560\"><\/span><\/span><\/a><\/div><div class=\"content-inner\"><div class=\"sc-heading\"><h5 class=\"heading__primary\"><a class=\"icon-box-link\" href=\"https:\/\/myalterego.it\/ae\/sfoglialibro-topograficamente-1\" rel=\"nofollow\">Novit\u00e0 2026<\/a><\/h5><span class=\"line-heading\"><\/span><\/div><div class=\"desc-icon-box\"><div class=\"desc-content\"><a class=\"icon-box-link\" href=\"https:\/\/myalterego.it\/ae\/sfoglialibro-topograficamente-1\" rel=\"nofollow\">Autori: Marco Bignardi - Andrea Pietrafitta<br>\nTitolo: Topograficamente verde - volume I<br>\nISBN: 9791281742222<\/a><\/div><\/div><\/div><\/div><\/div><\/div>\t\t\t\t<\/div>\n\t\t\t\t<\/div>\n\t\t\t\t\t<\/div>\n\t\t<\/div>\n\t\t\t\t<div class=\"elementor-column elementor-col-33 elementor-inner-column elementor-element elementor-element-0c2feab\" data-id=\"0c2feab\" data-element_type=\"column\">\n\t\t\t<div class=\"elementor-widget-wrap elementor-element-populated\">\n\t\t\t\t\t\t<div class=\"elementor-element elementor-element-e7ce0e4 iconbox-text-left elementor-widget elementor-widget-thim-icon-box\" data-id=\"e7ce0e4\" data-element_type=\"widget\" data-widget_type=\"thim-icon-box.default\">\n\t\t\t\t<div class=\"elementor-widget-container\">\n\t\t\t\t\t<div class=\"thim-widget-icon-box\"><div class=\"wrapper-box-icon has_custom_image text-left \"><div class=\"smicon-box iconbox-top\"><div class=\"boxes-icon\"><a class=\"icon-box-link\" href=\"https:\/\/myalterego.it\/ae\/sfoglialibro-topograficamente-2\" rel=\"nofollow\"><span class=\"inner-icon\"><span class=\"icon icon-images\"><img decoding=\"async\" src=\"https:\/\/myalterego.it\/ae\/wp-content\/uploads\/2026\/03\/AIE_ELI_Topograficamente_2V_cop-scaled.jpg\" alt=\"AIE_ELI_Topograficamente_2V_cop\"  width=\"1751\" height=\"2560\"><\/span><\/span><\/a><\/div><div class=\"content-inner\"><div class=\"sc-heading\"><h5 class=\"heading__primary\"><a class=\"icon-box-link\" href=\"https:\/\/myalterego.it\/ae\/sfoglialibro-topograficamente-2\" rel=\"nofollow\">Novit\u00e0 2026<\/a><\/h5><span class=\"line-heading\"><\/span><\/div><div class=\"desc-icon-box\"><div class=\"desc-content\"><a class=\"icon-box-link\" href=\"https:\/\/myalterego.it\/ae\/sfoglialibro-topograficamente-2\" rel=\"nofollow\">Autori: Marco Bignardi - Andrea Pietrafitta<br>\nTitolo: Topograficamente verde - volume II<br>\nISBN: 9791281742260<\/a><\/div><\/div><\/div><\/div><\/div><\/div>\t\t\t\t<\/div>\n\t\t\t\t<\/div>\n\t\t\t\t\t<\/div>\n\t\t<\/div>\n\t\t\t\t<div class=\"elementor-column elementor-col-33 elementor-inner-column elementor-element elementor-element-9d25519\" data-id=\"9d25519\" data-element_type=\"column\">\n\t\t\t<div class=\"elementor-widget-wrap elementor-element-populated\">\n\t\t\t\t\t\t<div class=\"elementor-element elementor-element-5cb093d iconbox-text-left elementor-widget elementor-widget-thim-icon-box\" data-id=\"5cb093d\" data-element_type=\"widget\" data-widget_type=\"thim-icon-box.default\">\n\t\t\t\t<div class=\"elementor-widget-container\">\n\t\t\t\t\t<div class=\"thim-widget-icon-box\"><div class=\"wrapper-box-icon has_custom_image text-left \"><div class=\"smicon-box iconbox-top\"><div class=\"boxes-icon\"><a class=\"icon-box-link\" href=\"https:\/\/myalterego.it\/ae\/sfoglialibro-topograficamente-3\" rel=\"nofollow\"><span class=\"inner-icon\"><span class=\"icon icon-images\"><img decoding=\"async\" src=\"https:\/\/myalterego.it\/ae\/wp-content\/uploads\/2026\/03\/AIE_ELI_Topograficamente_3V_cop-scaled.jpg\" alt=\"AIE_ELI_Topograficamente_3V_cop\"  width=\"1751\" height=\"2560\"><\/span><\/span><\/a><\/div><div class=\"content-inner\"><div class=\"sc-heading\"><h5 class=\"heading__primary\"><a class=\"icon-box-link\" href=\"https:\/\/myalterego.it\/ae\/sfoglialibro-topograficamente-3\" rel=\"nofollow\">Novit\u00e0 2026<\/a><\/h5><span class=\"line-heading\"><\/span><\/div><div class=\"desc-icon-box\"><div class=\"desc-content\"><a class=\"icon-box-link\" href=\"https:\/\/myalterego.it\/ae\/sfoglialibro-topograficamente-3\" rel=\"nofollow\">Autori: Marco Bignardi - Andrea Pietrafitta<br>\nTitolo: Topograficamente verde - volume III<br>\nISBN: 9791281742307<\/a><\/div><\/div><\/div><\/div><\/div><\/div>\t\t\t\t<\/div>\n\t\t\t\t<\/div>\n\t\t\t\t\t<\/div>\n\t\t<\/div>\n\t\t\t\t\t<\/div>\n\t\t<\/section>\n\t\t\t\t<section class=\"elementor-section elementor-inner-section elementor-element elementor-element-987a1e0 elementor-section-boxed elementor-section-height-default elementor-section-height-default\" data-id=\"987a1e0\" data-element_type=\"section\">\n\t\t\t\t\t\t<div class=\"elementor-container elementor-column-gap-custom\">\n\t\t\t\t\t<div class=\"elementor-column elementor-col-33 elementor-inner-column elementor-element elementor-element-baef993\" data-id=\"baef993\" data-element_type=\"column\">\n\t\t\t<div class=\"elementor-widget-wrap elementor-element-populated\">\n\t\t\t\t\t\t<div class=\"elementor-element elementor-element-66021c8 iconbox-text-left elementor-widget elementor-widget-thim-icon-box\" data-id=\"66021c8\" data-element_type=\"widget\" data-widget_type=\"thim-icon-box.default\">\n\t\t\t\t<div class=\"elementor-widget-container\">\n\t\t\t\t\t<div class=\"thim-widget-icon-box\"><div class=\"wrapper-box-icon has_custom_image text-left \"><div class=\"smicon-box iconbox-top\"><div class=\"boxes-icon\"><a class=\"icon-box-link\" href=\"https:\/\/myalterego.it\/ae\/sfoglialibro-estimativamente-1\" rel=\"nofollow\"><span class=\"inner-icon\"><span class=\"icon icon-images\"><img loading=\"lazy\" decoding=\"async\" src=\"https:\/\/myalterego.it\/ae\/wp-content\/uploads\/2025\/02\/ELi_Estimativamente_cop-scaled.jpg\" alt=\"ELi_Estimativamente_cop\"  width=\"1752\" height=\"2560\"><\/span><\/span><\/a><\/div><div class=\"content-inner\"><div class=\"sc-heading\"><h5 class=\"heading__primary\"><a class=\"icon-box-link\" href=\"https:\/\/myalterego.it\/ae\/sfoglialibro-estimativamente-1\" rel=\"nofollow\">Pubblicazione 2025<\/a><\/h5><span class=\"line-heading\"><\/span><\/div><div class=\"desc-icon-box\"><div class=\"desc-content\"><a class=\"icon-box-link\" href=\"https:\/\/myalterego.it\/ae\/sfoglialibro-estimativamente-1\" rel=\"nofollow\">Autori: Giuseppina Bracco \u2013 Antonino Tagliarini<br>\nTitolo: Estimativamente - volume I<br>\nISBN: 9791281742079<\/a><\/div><\/div><\/div><\/div><\/div><\/div>\t\t\t\t<\/div>\n\t\t\t\t<\/div>\n\t\t\t\t\t<\/div>\n\t\t<\/div>\n\t\t\t\t<div class=\"elementor-column elementor-col-33 elementor-inner-column elementor-element elementor-element-c0f0f4b\" data-id=\"c0f0f4b\" data-element_type=\"column\">\n\t\t\t<div class=\"elementor-widget-wrap elementor-element-populated\">\n\t\t\t\t\t\t<div class=\"elementor-element elementor-element-7e943fd iconbox-text-left elementor-widget elementor-widget-thim-icon-box\" data-id=\"7e943fd\" data-element_type=\"widget\" data-widget_type=\"thim-icon-box.default\">\n\t\t\t\t<div class=\"elementor-widget-container\">\n\t\t\t\t\t<div class=\"thim-widget-icon-box\"><div class=\"wrapper-box-icon has_custom_image text-left \"><div class=\"smicon-box iconbox-top\"><div class=\"boxes-icon\"><a class=\"icon-box-link\" href=\"https:\/\/myalterego.it\/ae\/sfoglialibro-estimativamente-2\" rel=\"nofollow\"><span class=\"inner-icon\"><span class=\"icon icon-images\"><img loading=\"lazy\" decoding=\"async\" src=\"https:\/\/myalterego.it\/ae\/wp-content\/uploads\/2025\/02\/ELi_Estimativamente_2_cop-scaled.jpg\" alt=\"ELi_Estimativamente_2_cop\"  width=\"1752\" height=\"2560\"><\/span><\/span><\/a><\/div><div class=\"content-inner\"><div class=\"sc-heading\"><h5 class=\"heading__primary\"><a class=\"icon-box-link\" href=\"https:\/\/myalterego.it\/ae\/sfoglialibro-estimativamente-2\" rel=\"nofollow\">Novit\u00e0 2026<\/a><\/h5><span class=\"line-heading\"><\/span><\/div><div class=\"desc-icon-box\"><div class=\"desc-content\"><a class=\"icon-box-link\" href=\"https:\/\/myalterego.it\/ae\/sfoglialibro-estimativamente-2\" rel=\"nofollow\">Autori: Giuseppina Bracco - Antonino Tagliarini<br>\nTitolo: Estimativamente - volume II<br>\nISBN: 9791281742116<\/a><\/div><\/div><\/div><\/div><\/div><\/div>\t\t\t\t<\/div>\n\t\t\t\t<\/div>\n\t\t\t\t\t<\/div>\n\t\t<\/div>\n\t\t\t\t<div class=\"elementor-column elementor-col-33 elementor-inner-column elementor-element elementor-element-cdd45ca\" data-id=\"cdd45ca\" data-element_type=\"column\">\n\t\t\t<div class=\"elementor-widget-wrap elementor-element-populated\">\n\t\t\t\t\t\t<div class=\"elementor-element elementor-element-cb3fa91 iconbox-text-left elementor-widget elementor-widget-thim-icon-box\" data-id=\"cb3fa91\" data-element_type=\"widget\" data-widget_type=\"thim-icon-box.default\">\n\t\t\t\t<div class=\"elementor-widget-container\">\n\t\t\t\t\t<div class=\"thim-widget-icon-box\"><div class=\"wrapper-box-icon has_custom_image text-left \"><div class=\"smicon-box iconbox-top\"><div class=\"boxes-icon\"><a class=\"icon-box-link\" href=\"https:\/\/myalterego.it\/ae\/sfoglialibro-estimativamente-P\" rel=\"nofollow\"><span class=\"inner-icon\"><span class=\"icon icon-images\"><img loading=\"lazy\" decoding=\"async\" src=\"https:\/\/myalterego.it\/ae\/wp-content\/uploads\/2026\/03\/AIE_ELI_Estimativamente_P_cop-scaled.jpg\" alt=\"AIE_ELI_Estimativamente_P_cop\"  width=\"1751\" height=\"2560\"><\/span><\/span><\/a><\/div><div class=\"content-inner\"><div class=\"sc-heading\"><h5 class=\"heading__primary\"><a class=\"icon-box-link\" href=\"https:\/\/myalterego.it\/ae\/sfoglialibro-estimativamente-P\" rel=\"nofollow\">Novit\u00e0 2026<\/a><\/h5><span class=\"line-heading\"><\/span><\/div><div class=\"desc-icon-box\"><div class=\"desc-content\"><a class=\"icon-box-link\" href=\"https:\/\/myalterego.it\/ae\/sfoglialibro-estimativamente-P\" rel=\"nofollow\">Autori: Giuseppina Bracco - Antonino Tagliarini - Bignardi Mauro<br>\nTitolo: Estimativamente - Prontuario<br>\nISBN: 9791281742093<\/a><\/div><\/div><\/div><\/div><\/div><\/div>\t\t\t\t<\/div>\n\t\t\t\t<\/div>\n\t\t\t\t\t<\/div>\n\t\t<\/div>\n\t\t\t\t\t<\/div>\n\t\t<\/section>\n\t\t\t\t<section class=\"elementor-section elementor-inner-section elementor-element elementor-element-f4b6a44 elementor-section-boxed elementor-section-height-default elementor-section-height-default\" data-id=\"f4b6a44\" data-element_type=\"section\">\n\t\t\t\t\t\t<div class=\"elementor-container elementor-column-gap-custom\">\n\t\t\t\t\t<div class=\"elementor-column elementor-col-33 elementor-inner-column elementor-element elementor-element-d749ad1\" data-id=\"d749ad1\" data-element_type=\"column\">\n\t\t\t<div class=\"elementor-widget-wrap elementor-element-populated\">\n\t\t\t\t\t\t<div class=\"elementor-element elementor-element-243f3a0 iconbox-text-left elementor-widget elementor-widget-thim-icon-box\" data-id=\"243f3a0\" data-element_type=\"widget\" data-widget_type=\"thim-icon-box.default\">\n\t\t\t\t<div class=\"elementor-widget-container\">\n\t\t\t\t\t<div class=\"thim-widget-icon-box\"><div class=\"wrapper-box-icon has_custom_image text-left \"><div class=\"smicon-box iconbox-top\"><div class=\"boxes-icon\"><a class=\"icon-box-link\" href=\"https:\/\/myalterego.it\/ae\/sfoglialibro-sicuramente\/\" rel=\"nofollow\"><span class=\"inner-icon\"><span class=\"icon icon-images\"><img loading=\"lazy\" decoding=\"async\" src=\"https:\/\/myalterego.it\/ae\/wp-content\/uploads\/2025\/02\/ELi_Sicuramente_cop-scaled.jpg\" alt=\"ELi_Sicuramente_cop\"  width=\"1752\" height=\"2560\"><\/span><\/span><\/a><\/div><div class=\"content-inner\"><div class=\"sc-heading\"><h5 class=\"heading__primary\"><a class=\"icon-box-link\" href=\"https:\/\/myalterego.it\/ae\/sfoglialibro-sicuramente\/\" rel=\"nofollow\">Pubblicazione 2024<\/a><\/h5><span class=\"line-heading\"><\/span><\/div><div class=\"desc-icon-box\"><div class=\"desc-content\"><a class=\"icon-box-link\" href=\"https:\/\/myalterego.it\/ae\/sfoglialibro-sicuramente\/\" rel=\"nofollow\">Autori: Marco Bignardi \u2013 Mauro Bignardi<br>\nTitolo: Sicuramente - volume unico<br>\nISBN: 9791281742000<\/a><\/div><\/div><\/div><\/div><\/div><\/div>\t\t\t\t<\/div>\n\t\t\t\t<\/div>\n\t\t\t\t\t<\/div>\n\t\t<\/div>\n\t\t\t\t<div class=\"elementor-column elementor-col-33 elementor-inner-column elementor-element elementor-element-6f60c1b\" data-id=\"6f60c1b\" data-element_type=\"column\">\n\t\t\t<div class=\"elementor-widget-wrap\">\n\t\t\t\t\t\t\t<\/div>\n\t\t<\/div>\n\t\t\t\t<div class=\"elementor-column elementor-col-33 elementor-inner-column elementor-element elementor-element-269f92e\" data-id=\"269f92e\" data-element_type=\"column\">\n\t\t\t<div class=\"elementor-widget-wrap\">\n\t\t\t\t\t\t\t<\/div>\n\t\t<\/div>\n\t\t\t\t\t<\/div>\n\t\t<\/section>\n\t\t\t\t\t<\/div>\n\t\t<\/div>\n\t\t\t\t\t<\/div>\n\t\t<\/section>\n\t\t\t\t\t<\/div>\n\t\t<\/div>\n\t\t\t\t\t<\/div>\n\t\t<\/section>\n\t\t\t\t<section class=\"elementor-section elementor-top-section elementor-element elementor-element-0d9e5cb elementor-section-boxed elementor-section-height-default elementor-section-height-default\" data-id=\"0d9e5cb\" data-element_type=\"section\">\n\t\t\t\t\t\t<div class=\"elementor-container elementor-column-gap-default\">\n\t\t\t\t\t<div class=\"elementor-column elementor-col-100 elementor-top-column elementor-element elementor-element-e35c829\" data-id=\"e35c829\" data-element_type=\"column\">\n\t\t\t<div class=\"elementor-widget-wrap elementor-element-populated\">\n\t\t\t\t\t\t<div class=\"elementor-element elementor-element-775d910 elementor-widget-divider--view-line elementor-widget elementor-widget-divider\" data-id=\"775d910\" data-element_type=\"widget\" data-widget_type=\"divider.default\">\n\t\t\t\t<div class=\"elementor-widget-container\">\n\t\t\t\t\t\t\t<div class=\"elementor-divider\">\n\t\t\t<span class=\"elementor-divider-separator\">\n\t\t\t\t\t\t<\/span>\n\t\t<\/div>\n\t\t\t\t\t\t<\/div>\n\t\t\t\t<\/div>\n\t\t\t\t\t<\/div>\n\t\t<\/div>\n\t\t\t\t\t<\/div>\n\t\t<\/section>\n\t\t\t\t<section class=\"elementor-section elementor-top-section elementor-element elementor-element-b41b868 elementor-section-boxed elementor-section-height-default elementor-section-height-default\" data-id=\"b41b868\" data-element_type=\"section\">\n\t\t\t\t\t\t<div class=\"elementor-container elementor-column-gap-default\">\n\t\t\t\t\t<div class=\"elementor-column elementor-col-100 elementor-top-column elementor-element elementor-element-c1f4508\" data-id=\"c1f4508\" data-element_type=\"column\">\n\t\t\t<div class=\"elementor-widget-wrap elementor-element-populated\">\n\t\t\t\t\t\t<section class=\"elementor-section elementor-inner-section elementor-element elementor-element-3594568 elementor-section-boxed elementor-section-height-default elementor-section-height-default\" data-id=\"3594568\" data-element_type=\"section\">\n\t\t\t\t\t\t<div class=\"elementor-container elementor-column-gap-default\">\n\t\t\t\t\t<div class=\"elementor-column elementor-col-50 elementor-inner-column elementor-element elementor-element-02afcde\" data-id=\"02afcde\" data-element_type=\"column\">\n\t\t\t<div class=\"elementor-widget-wrap elementor-element-populated\">\n\t\t\t\t\t\t<div class=\"elementor-element elementor-element-59318ed elementor-widget elementor-widget-text-editor\" data-id=\"59318ed\" data-element_type=\"widget\" data-widget_type=\"text-editor.default\">\n\t\t\t\t<div class=\"elementor-widget-container\">\n\t\t\t\t\t\t\t\t\t<p><span style=\"color: #ffb606;\"><strong>Schede di adozione dei testi scolastici.<\/strong><\/span><\/p>\n<p>Clicca sul bottone per scaricare la scheda di adozione del testo corrispondente.<\/p>\n<p><\/p>\t\t\t\t\t\t\t\t<\/div>\n\t\t\t\t<\/div>\n\t\t\t\t\t<\/div>\n\t\t<\/div>\n\t\t\t\t<div class=\"elementor-column elementor-col-50 elementor-inner-column elementor-element elementor-element-22cddaf\" data-id=\"22cddaf\" data-element_type=\"column\">\n\t\t\t<div class=\"elementor-widget-wrap elementor-element-populated\">\n\t\t\t\t\t\t<section class=\"elementor-section elementor-inner-section elementor-element elementor-element-2571deb elementor-section-boxed elementor-section-height-default elementor-section-height-default\" data-id=\"2571deb\" data-element_type=\"section\">\n\t\t\t\t\t\t<div class=\"elementor-container elementor-column-gap-custom\">\n\t\t\t\t\t<div class=\"elementor-column elementor-col-33 elementor-inner-column elementor-element elementor-element-83d7990\" data-id=\"83d7990\" data-element_type=\"column\">\n\t\t\t<div class=\"elementor-widget-wrap elementor-element-populated\">\n\t\t\t\t\t\t<div class=\"elementor-element elementor-element-ade5e23 elementor-widget thim-widget-button\" data-id=\"ade5e23\" data-element_type=\"widget\" data-widget_type=\"thim-button.default\">\n\t\t\t\t<div class=\"elementor-widget-container\">\n\t\t\t\t\t<a class=\"widget-button small\" href=\"https:\/\/myalterego.it\/ae\/wp-content\/uploads\/2024\/02\/Topograficamente_I_Scheda-di-adozione_NO_LIC.pdf\" target=\"_blank\" rel=\"nofollow\">Scheda Topograficamente<\/a>\t\t\t\t<\/div>\n\t\t\t\t<\/div>\n\t\t\t\t\t<\/div>\n\t\t<\/div>\n\t\t\t\t<div class=\"elementor-column elementor-col-33 elementor-inner-column elementor-element elementor-element-9820f8e\" data-id=\"9820f8e\" data-element_type=\"column\">\n\t\t\t<div class=\"elementor-widget-wrap elementor-element-populated\">\n\t\t\t\t\t\t<div class=\"elementor-element elementor-element-b04c0cd elementor-widget thim-widget-button\" data-id=\"b04c0cd\" data-element_type=\"widget\" data-widget_type=\"thim-button.default\">\n\t\t\t\t<div class=\"elementor-widget-container\">\n\t\t\t\t\t<a class=\"widget-button small\" href=\"https:\/\/myalterego.it\/ae\/wp-content\/uploads\/2024\/02\/Sicuramente_U_Scheda-di-adozione_NO_LIC.pdf\" target=\"_blank\" rel=\"nofollow\">Scheda Sicuramente<\/a>\t\t\t\t<\/div>\n\t\t\t\t<\/div>\n\t\t\t\t\t<\/div>\n\t\t<\/div>\n\t\t\t\t<div class=\"elementor-column elementor-col-33 elementor-inner-column elementor-element elementor-element-87857ed\" data-id=\"87857ed\" data-element_type=\"column\">\n\t\t\t<div class=\"elementor-widget-wrap elementor-element-populated\">\n\t\t\t\t\t\t<div class=\"elementor-element elementor-element-f9101d5 elementor-widget thim-widget-button\" data-id=\"f9101d5\" data-element_type=\"widget\" data-widget_type=\"thim-button.default\">\n\t\t\t\t<div class=\"elementor-widget-container\">\n\t\t\t\t\t<a class=\"widget-button small\" href=\"https:\/\/myalterego.it\/ae\/wp-content\/uploads\/2024\/12\/Estimativamente_I_Scheda-di-adozione_NO_LIC.pdf\" target=\"_blank\" rel=\"nofollow\">Scheda Estimativamente<\/a>\t\t\t\t<\/div>\n\t\t\t\t<\/div>\n\t\t\t\t\t<\/div>\n\t\t<\/div>\n\t\t\t\t\t<\/div>\n\t\t<\/section>\n\t\t\t\t<section class=\"elementor-section elementor-inner-section elementor-element elementor-element-1f9d5e5 elementor-section-boxed elementor-section-height-default elementor-section-height-default\" data-id=\"1f9d5e5\" data-element_type=\"section\">\n\t\t\t\t\t\t<div class=\"elementor-container elementor-column-gap-custom\">\n\t\t\t\t\t<div class=\"elementor-column elementor-col-33 elementor-inner-column elementor-element elementor-element-8a5c504\" data-id=\"8a5c504\" data-element_type=\"column\">\n\t\t\t<div class=\"elementor-widget-wrap\">\n\t\t\t\t\t\t\t<\/div>\n\t\t<\/div>\n\t\t\t\t<div class=\"elementor-column elementor-col-33 elementor-inner-column elementor-element elementor-element-1f2c2e0\" data-id=\"1f2c2e0\" data-element_type=\"column\">\n\t\t\t<div class=\"elementor-widget-wrap\">\n\t\t\t\t\t\t\t<\/div>\n\t\t<\/div>\n\t\t\t\t<div class=\"elementor-column elementor-col-33 elementor-inner-column elementor-element elementor-element-da31a00\" data-id=\"da31a00\" data-element_type=\"column\">\n\t\t\t<div class=\"elementor-widget-wrap\">\n\t\t\t\t\t\t\t<\/div>\n\t\t<\/div>\n\t\t\t\t\t<\/div>\n\t\t<\/section>\n\t\t\t\t\t<\/div>\n\t\t<\/div>\n\t\t\t\t\t<\/div>\n\t\t<\/section>\n\t\t\t\t\t<\/div>\n\t\t<\/div>\n\t\t\t\t\t<\/div>\n\t\t<\/section>\n\t\t\t\t<\/div>\n\t\t","protected":false},"excerpt":{"rendered":"<p>Consulta il nostro catalogo per le adozioni scolastiche. I docenti, nell\u2019ambito della libert\u00e0 di insegnamento e di autonomia professionale, hanno cura di mettere in atto tutte le modalit\u00e0 specifiche di analisi e di valutazione dei contenuti e della qualit\u00e0 dei &hellip; <\/p>\n","protected":false},"author":2,"featured_media":0,"parent":0,"menu_order":0,"comment_status":"closed","ping_status":"closed","template":"","meta":{"pmpro_default_level":"","footnotes":""},"class_list":["post-19791","page","type-page","status-publish","hentry","pmpro-has-access"],"_links":{"self":[{"href":"https:\/\/myalterego.it\/ae\/wp-json\/wp\/v2\/pages\/19791","targetHints":{"allow":["GET"]}}],"collection":[{"href":"https:\/\/myalterego.it\/ae\/wp-json\/wp\/v2\/pages"}],"about":[{"href":"https:\/\/myalterego.it\/ae\/wp-json\/wp\/v2\/types\/page"}],"author":[{"embeddable":true,"href":"https:\/\/myalterego.it\/ae\/wp-json\/wp\/v2\/users\/2"}],"replies":[{"embeddable":true,"href":"https:\/\/myalterego.it\/ae\/wp-json\/wp\/v2\/comments?post=19791"}],"version-history":[{"count":268,"href":"https:\/\/myalterego.it\/ae\/wp-json\/wp\/v2\/pages\/19791\/revisions"}],"predecessor-version":[{"id":26466,"href":"https:\/\/myalterego.it\/ae\/wp-json\/wp\/v2\/pages\/19791\/revisions\/26466"}],"wp:attachment":[{"href":"https:\/\/myalterego.it\/ae\/wp-json\/wp\/v2\/media?parent=19791"}],"curies":[{"name":"wp","href":"https:\/\/api.w.org\/{rel}","templated":true}]}}